{"id":908,"date":"2015-12-01T07:00:33","date_gmt":"2015-12-01T13:00:33","guid":{"rendered":"http:\/\/www.e-quidam.com\/elblog\/?page_id=908"},"modified":"2016-12-01T08:58:06","modified_gmt":"2016-12-01T14:58:06","slug":"el-plan2012","status":"publish","type":"page","link":"http:\/\/www.e-quidam.com\/elblog\/el-plan2012\/","title":{"rendered":"El Plan Personal Poderoso"},"content":{"rendered":"<blockquote><p>Nota: Esta p\u00e1gina explica El Plan Personal Poderoso (#ElPlanQ) del gran Dave Carpenter, mismo que lanzamos en este blog cada primero de diciembre, desde hace varios a\u00f1os. #ElPlanQ te ayudar\u00e1 a prepararte para que tu pr\u00f3ximo a\u00f1o, sea el mejor a\u00f1o de tu vida. Es completamente GRATIS y lo tenemos para ti en espa\u00f1ol. \u00bfQuieres saber de qu\u00e9 se trata? Entonces lee a continuaci\u00f3n y comienza tu plan <a title=\"\u00a1Lanzando El Plan Personal Poderoso!\" href=\"http:\/\/www.e-quidam.com\/elblog\/?p=1990\" target=\"_blank\">AQU\u00cd MISMO<\/a> (post de lanzamiento del pasado 1 de diciembre). <strong>Y S\u00cd&#8230; \u00a1PUEDES EMPEZAR CUANDO QUIERAS!<\/strong><\/p>\n<p><strong><span style=\"color: #800080;\">NOTA DEL 2016.<\/span><\/strong><\/p>\n<p><strong><span style=\"color: #800080;\">TODO LO QUE leer\u00e1s en este plan es especialmente cierto para este fin de a\u00f1o. Para mi, en lo personal, 2016 fue un gran reto y una magn\u00edfica oportunidad de aprendizaje. He logrado reinventarme, he fallado en cosas importantes, he redirigido mis esfuerzos. Y ante todo, sigo, como decimos en M\u00e9xico, \u00abvivita y coleando\u00bb, lanzando Mereces Lo Mejor, disfrutando cada vez m\u00e1s de mi familia y amigos, corrigiendo errores, tomando riesgos distintos&#8230; un poco de todo. As\u00ed es como me uno NUEVAMENTE al reto de el PLAN PERSONAL PODEROSO. Espero que t\u00fa tambi\u00e9n lo hagas y que encontremos un prometedor 2017 a la vuelta de la esquina.\u00a0<\/span><\/strong><\/p>\n<p><strong><span style=\"color: #800080;\">Saludos&#8230;. M\u00f3nica<\/span><\/strong><\/p><\/blockquote>\n<p>\u00a1Qu\u00e9 a\u00f1os hemos tenido! Dificultades econ\u00f3micas plagaron el avance y result\u00f3 un gran reto para los negocios y para las familias en todo el mundo. La gran crisis en Espa\u00f1a sigui\u00f3 al quiebre financiero de los Estados Unidos y continu\u00f3 creando condiciones de retos para las personas. Para muchos, no es f\u00e1cil ver esta situaci\u00f3n como un reto sin caer en la desesperanza. Como ha dicho Dave, \u00abA\u00fan en los tiempos m\u00e1s retadores, existen abundantes oportunidades para los \u00e1giles, los enfocados y los bien preparados. #ElPlanQ te permitir\u00e1 recibir el nuevo a\u00f1o mucho m\u00e1s preparado y con perspectivas positivas de lo que es posible. Tendr\u00e1s ante ti un desglose de lo que hay por hacer y una decisi\u00f3n de c\u00f3mo puedes enfrentar lo que venga de manera productiva.\u00bb<\/p>\n<p>Para Dave, es triste que las personas inicien un nuevo a\u00f1o sin un plan que permita incrementar las posibilidades de que este a\u00f1o supere en mucho a los anteriores. No podr\u00eda estar m\u00e1s de acuerdo. Sobre todo porque 2009 &#8211; el primer a\u00f1o que hice su proceso de planeaci\u00f3n &#8211; marc\u00f3 el inicio de grandes cosas para m\u00ed. Desde entonces, publiqu\u00e9 dos libros, crec\u00ed mi negocio incre\u00edblemente, form\u00e9 un equipo del que estoy m\u00e1s que orgullosa y enfrent\u00e9 grandes dificultades financieras de un modo creativo y que me llev\u00f3 a otro nivel de desarrollo. As\u00ed que cada a\u00f1o desde entonces, pongo manos a la obra en este plan.<\/p>\n<p>Dave Carpenter no se ha quedado de brazos cruzados quej\u00e1ndose de que la gente no haga planes. Ha creado un plan paso-a-paso y lo ha compartido en l\u00ednea durante varios a\u00f1os, de manera gratuita. Si te interesa hacerlo, solamente sigue a diario los pasos en este blog, o si lo prefieres,\u00a0<a title=\"Suscripcion con FEEDBURNER\" href=\"http:\/\/feedburner.google.com\/fb\/a\/mailverify?uri=ElBlogDeQudam&amp;loc=en_US\" target=\"_blank\">suscr\u00edbete a las notificaciones<\/a>\u00a0por correo electr\u00f3nico (te puedes des-suscribir en cualquier momento).<\/p>\n<p>Tambi\u00e9n podr\u00e1s leer comentarios en Twitter, de participantes como t\u00fa, siguiendo el <em>hashtag<\/em> #ElPlanQ. Leer\u00e1s comentarios de directivos, coaches y otros profesionales que usan este proceso para asegurar que iniciar\u00e1n el a\u00f1o nuevo con un plan personal inspirador. (Algunos coaches inclusive usan este proceso para ayudar a sus receptores a delinear el plan en que trabajar\u00e1n juntos durante el a\u00f1o.)<\/p>\n<p>Dave ha dividido el proceso de planeaci\u00f3n en 31 pasos sencillos. Mucho m\u00e1s de 5,000 personas han usado con \u00e9xito este proceso en los \u00faltimos a\u00f1os. Estos participantes se beneficiaron de iniciar el nuevo a\u00f1o sabiendo que cuentan con un plan para el \u00e9xito.<\/p>\n<p>Cada paso toma unos 15-20 minutos para completarse. (<em>Seg\u00fan Dave. Yo us\u00e9 mucho m\u00e1s tiempo, por las reflexiones que me despertaron sus preguntas, y que valieron totalmente la pena.<\/em>) Usando este enfoque de un paso por d\u00eda, para fin de mes tendr\u00e1s un plan que te inspire y que aproveche las fortalezas con las que la vida te ha bendecido. (Como parte del proceso, aprender\u00e1s cu\u00e1les son, con la ayuda de amigos y colegas de tu confianza.)<\/p>\n<p>El programa da inicio el 1 de diciembre. Al final de cada paso encontrar\u00e1s una liga al paso siguiente para que puedas continuar a tu ritmo. Si te atrasas, simplemente contin\u00faa en cuanto puedas. Inclusive se incluyen unos d\u00edas de m\u00e1rgen para recuperar tiempo en este proceso de 31 d\u00edas.<\/p>\n<blockquote>\n<p style=\"text-align: right;\"><strong>SI LLEGASTE AQU\u00cd DESPU\u00c9S DEL D\u00cdA 1 DE DICIEMBRE, SIMPLEMENTE INICIA YA<\/strong>.<\/p>\n<p style=\"text-align: left;\"><em>Puedes hacer algunos pasos juntos para alcanzar a todos o simplemente seguir a tu ritmo. En otros a\u00f1os lanzamos el plan en enero y a\u00fan as\u00ed fue de gran utilidad para todos. Hemos dejado en los art\u00edculos modificados (algunos son nuevos y otros modificados del proceso anterior) los comentarios que las personas hicieron en otros procesos desde 2012 para que te sirvan tambi\u00e9n de inspiraci\u00f3n.\u00a0<\/em><\/p>\n<\/blockquote>\n<p style=\"text-align: left;\">\u00a1Activa todos tus talentos! Mereces invertirte este tiempo. No dudo que tendr\u00e1s m\u00faltiples ocupaciones en estos d\u00edas, pero imagina c\u00f3mo te sentir\u00e1s armado con tu plan para el a\u00f1o entrante.<\/p>\n<p>En a\u00f1os pasados, Dave se impuso la ambiciosa meta de lograr que 10,000 personas siguieran este plan entre diciembre y enero, y as\u00ed result\u00f3: miles de personas han logrado tener el mejor a\u00f1o de sus vidas. \u00a1Imagina lo que puede pasar el pr\u00f3ximo a\u00f1o, si miles de personas nos sumamos a esta reflexi\u00f3n y nos contagiamos de la energ\u00eda que produce lograr lo planeado!<\/p>\n<p>\u00c9ste es nuestro regalo de a\u00f1o nuevo para todos los que siguen este blog, ya sea que conozcan a Dave, o a m\u00ed, o a alguien que siga este blog. No importa c\u00f3mo llegaste: \u00e9ste plan es para ti. \u00a1Acepta el reto!<\/p>\n<p><a title=\"\u00a1Lanzando El Plan Personal Poderoso!\" href=\"http:\/\/www.e-quidam.com\/elblog\/?p=1990\" target=\"_blank\">INICIA AQU\u00cd<\/a> (post de lanzamiento del pasado 1 de diciembre).<\/p>\n<p>Tambi\u00e9n te recomiendo tengas a la mano este <a title=\"\u00cdndice del Plan, Paso a Paso\" href=\"http:\/\/www.e-quidam.com\/elblog\/?page_id=2029\" target=\"_blank\">\u00cdndice del Plan, Paso a Paso<\/a>. Con ello te ser\u00e1 m\u00e1s f\u00e1cil encontrar cada publicaci\u00f3n.<\/p>\n<p>\u00bfQuieres m\u00e1s inspiraci\u00f3n? Te invitamos a ver la grabaci\u00f3n del webinar con el que Dave lanz\u00f3 en espa\u00f1ol este programa en 2012. Puedes hacerlo\u00a0<a href=\"https:\/\/s3.amazonaws.com\/Webinarspace\/Grabaciones+Webinars\/Comenzando+el+a\u00f1o+con+un+Plan+Personal+Inteligente\/default.html\" target=\"_blank\">AQU\u00cd<\/a>.<\/p>\n<p><img loading=\"lazy\" decoding=\"async\" class=\"aligncenter\" title=\"firma mone\" src=\"http:\/\/www.e-quidam.com\/elblog\/wp-content\/uploads\/2011\/12\/firma-mone.jpg\" alt=\"\" width=\"100\" height=\"55\" \/><\/p>\n<p>&nbsp;<\/p>\n<p>Algunos de ustedes se estar\u00e1n preguntando qu\u00e9 suceder\u00e1 a cada paso del camino en este proceso de planeaci\u00f3n de 31 d\u00edas. Los que tienden a lanzarse a la acci\u00f3n desear\u00e1n tener ya los 31 pasos a la mano para volar por cada uno como b\u00f3lidos.<\/p>\n<p>La planeaci\u00f3n efectiva, ya sea para una organizaci\u00f3n o individuo, requiere de un proceso de maduraci\u00f3n que fomente la reflexi\u00f3n conforme se desarrolla el plan. As\u00ed que NO publicar\u00e9 todos los pasos de antemano. \u00a1Lo lamento! =)<\/p>\n<p><em>(y te recomiendo que si te estas uniendo tarde, resistas la tentaci\u00f3n de verlos todos antes de tiempo)<\/em><\/p>\n<p>Sin embargo, mis colegas me indican que es importante dar un sentido general de lo que har\u00e1s los 31 d\u00edas. As\u00ed\u00ad que, aqu\u00ed tienes el enfoque por semana:<\/p>\n<p>Semana #1 \u2013\u00a0<em><strong>Estableciendo los fundamentos de la planeaci\u00f3n<\/strong><\/em><\/p>\n<p>Semana #2 \u2013\u00a0<em><strong>Tu legado, prop\u00f3sito de vida y visi\u00f3n actual<\/strong><\/em><\/p>\n<p>Semana #3 \u2013\u00a0<em><strong>Tus fortalezas y metas<\/strong><\/em><\/p>\n<p>Semana #4 \u2013\u00a0<em><strong>Validando el plan<\/strong><\/em><\/p>\n<p>Semana #5 \u2013\u00a0<em><strong>Lanzamiento del plan<\/strong><\/em><\/p>\n<p>Aqu\u00ed lo tienes. Ahora t\u00f3malo con calma, rel\u00e1jate y sigue el proceso de manera secuencial. Cada d\u00eda te dar\u00e9 una tarea para que al final del mes cuentes con un plan personal espec\u00edfico para los siguientes 12 meses.<\/p>\n<p>&#8212;&#8212;&#8212;&#8212;&#8212;&#8212;&#8212;&#8212;&#8211;<\/p>\n<p><em><a href=\"http:\/\/www.e-quidam.com\/elblog\/wp-content\/uploads\/2008\/11\/Mone-Oficial-2011.jpg\"><img loading=\"lazy\" decoding=\"async\" title=\"Mone Oficial 2011\" src=\"http:\/\/www.e-quidam.com\/elblog\/wp-content\/uploads\/2008\/11\/Mone-Oficial-2011.jpg\" alt=\"\" width=\"110\" height=\"129\" \/><\/a><\/em><\/p>\n<p><em><a title=\"Monica Diaz de Peralta\" href=\"http:\/\/www.linkedin.com\/in\/monicadiazdeperalta\" target=\"_blank\">M\u00f3nica Diaz<\/a>\u00a0es Directora General de\u00a0<a title=\"Quidam Global\" href=\"http:\/\/www.quidamglobal.com\" target=\"_blank\">Qu\u00eddam Global<\/a>, una organizaci\u00f3n mexicana que desde 1994 est\u00e1 dedicada a\u00a0la creaci\u00f3n de cultura sana en las organizaciones y desarrollo de talento. Su modelo de Coaching Q ha servido a ejecutivos, directores, gerentes, coaches, profesores y personas de muy distintos \u00e1mbitos para crear capacidades de acci\u00f3n que les permiten generar cambios permanentes y evolutivos.<\/em><\/p>\n<p><em>Qu\u00eddam Global ofrece una gran diversidad de soluciones, como la prestigiosa metodolog\u00eda de El Elemento Humano\u00ae del Dr. Will Schutz, misma que constituye el centro de nuestro trabajo. Si te interesa fortalecer tu Plan Personal,\u00a0La Carrera Impl\u00edcita\u00ae (Implicit Career Search\u00ae) es un programa de origen canadiense, basado en El Elemento Humano\u00ae, que te\u00a0ayudar\u00e1 a generar un plan de vida y carrera, desde tu esencia hasta tu contribuci\u00f3n \u00fanica. \u00bfTe interesa?\u00a0Escr\u00edbenos a\u00a0<strong>contact@quidamglobal.com<\/strong>.\u00a0<\/em><em>Si est\u00e1s en Twitter, puedes seguirnos en la cuenta de\u00a0<a title=\"Quidam Global en Twitter\" href=\"http:\/\/www.twitter.com\/quidamglobal\" target=\"_blank\">Qu\u00eddam<\/a>\u00a0o en la de\u00a0<a title=\"M\u00f3nica Diaz en Twitter\" href=\"http:\/\/www.twitter.com\/monediaz\" target=\"_blank\">M\u00f3nica Diaz\u00a0<\/a>donde avisaremos de avances en el proceso de #ElPlanQ, o bien en nuestra p\u00e1gina de\u00a0<a title=\"Quidam en Facebook\" href=\"http:\/\/www.facebook.com\/quidamglobal\" target=\"_blank\">Facebook<\/a>.<\/em><\/p>\n<p><em>Este art\u00edculo fue escrito originalmente por\u00a0<a href=\"http:\/\/www.dave-carpenter.com\/\" target=\"_blank\">Dave Carpenter<\/a>. Adem\u00e1s de escribir un blog de manera regular, su trabajo puede leerse en diversas publicaciones de negocios y desarrollo personal. Dave es tambi\u00e9n el creador del\u00a0<a title=\"Accelerate Success Mentoring Program\" href=\"http:\/\/accelerate-success.com\/\" target=\"_blank\"><strong>Accelerate Success<\/strong>\u00a0mentoring program<\/a>\u00a0para l\u00edderes de alto desempe\u00f1o. M\u00f3nica Diaz es coach de varios de sus participantes en espa\u00f1ol. Si deseas, puedes\u00a0<a href=\"http:\/\/twitter.com\/dave_carpenter\" target=\"_blank\">seguir a\u00a0Dave\u00a0en Twitter<\/a>, e<a title=\"Dave Carpenter\" href=\"http:\/\/www.facebook.com\/dave.carpenter1#!\/dave.carpenter1\" target=\"_blank\">n Facebook<\/a>, y\/o\u00a0<a title=\"Dave Carpenter on Google+\" href=\"https:\/\/plus.google.com\/u\/0\/?tab=mX#112507964677505729189\/posts\" target=\"_blank\">\u00a0Google+<\/a>.<\/em><\/p>\n","protected":false},"excerpt":{"rendered":"<p>Nota: Esta p\u00e1gina explica El Plan Personal Poderoso (#ElPlanQ) del gran Dave Carpenter, mismo que [&hellip;]<\/p>\n","protected":false},"author":1,"featured_media":0,"parent":0,"menu_order":0,"comment_status":"open","ping_status":"closed","template":"","meta":{"footnotes":""},"class_list":["post-908","page","type-page","status-publish","hentry"],"_links":{"self":[{"href":"http:\/\/www.e-quidam.com\/elblog\/wp-json\/wp\/v2\/pages\/908","targetHints":{"allow":["GET"]}}],"collection":[{"href":"http:\/\/www.e-quidam.com\/elblog\/wp-json\/wp\/v2\/pages"}],"about":[{"href":"http:\/\/www.e-quidam.com\/elblog\/wp-json\/wp\/v2\/types\/page"}],"author":[{"embeddable":true,"href":"http:\/\/www.e-quidam.com\/elblog\/wp-json\/wp\/v2\/users\/1"}],"replies":[{"embeddable":true,"href":"http:\/\/www.e-quidam.com\/elblog\/wp-json\/wp\/v2\/comments?post=908"}],"version-history":[{"count":35,"href":"http:\/\/www.e-quidam.com\/elblog\/wp-json\/wp\/v2\/pages\/908\/revisions"}],"predecessor-version":[{"id":2380,"href":"http:\/\/www.e-quidam.com\/elblog\/wp-json\/wp\/v2\/pages\/908\/revisions\/2380"}],"wp:attachment":[{"href":"http:\/\/www.e-quidam.com\/elblog\/wp-json\/wp\/v2\/media?parent=908"}],"curies":[{"name":"wp","href":"https:\/\/api.w.org\/{rel}","templated":true}]}}